{"id":30812,"date":"2024-06-11T08:45:51","date_gmt":"2024-06-11T08:45:51","guid":{"rendered":"https:\/\/www.protodev.ee\/event\/lasten-kesaleiri\/"},"modified":"2026-04-21T12:08:43","modified_gmt":"2026-04-21T12:08:43","slug":"lasten-kesaleiri","status":"publish","type":"event","link":"https:\/\/www.prototehas.ee\/fi\/event\/lasten-kesaleiri\/","title":{"rendered":"LASTEN KES\u00c4LEIRI"},"content":{"rendered":"[et_pb_section fb_built=&#8221;1&#8243; _builder_version=&#8221;4.24.2&#8243; _module_preset=&#8221;default&#8221; global_colors_info=&#8221;{}&#8221;][et_pb_row _builder_version=&#8221;4.24.2&#8243; _module_preset=&#8221;default&#8221; global_colors_info=&#8221;{}&#8221;][et_pb_column type=&#8221;4_4&#8243; _builder_version=&#8221;4.24.2&#8243; _module_preset=&#8221;default&#8221; global_colors_info=&#8221;{}&#8221;][et_pb_heading title=&#8221;KEKSIJ\u00c4JIEN KES\u00c4PELEIT&#8221; _builder_version=&#8221;4.24.2&#8243; _module_preset=&#8221;c9a4dd29-8345-43ea-bd4d-e73ae35e5717&#8243; locked=&#8221;off&#8221; global_colors_info=&#8221;{}&#8221;][\/et_pb_heading][\/et_pb_column][\/et_pb_row][et_pb_row _builder_version=&#8221;4.24.2&#8243; _module_preset=&#8221;default&#8221; custom_margin=&#8221;0px||0px||false|false&#8221; custom_padding=&#8221;0px||0px||false|false&#8221; global_colors_info=&#8221;{}&#8221;][et_pb_column type=&#8221;4_4&#8243; _builder_version=&#8221;4.24.2&#8243; _module_preset=&#8221;default&#8221; global_colors_info=&#8221;{}&#8221;][et_pb_text _builder_version=&#8221;4.24.2&#8243; _module_preset=&#8221;default&#8221; custom_padding=&#8221;||0px|||&#8221; global_colors_info=&#8221;{}&#8221;]<div>\n<div>\n<div>\n<blockquote>\n<p><span style=\"color: #000000;\">Mik\u00e4 voisi olla parempaa kuin viett\u00e4\u00e4 kolme kes\u00e4p\u00e4iv\u00e4\u00e4 PROTO-l\u00f6yt\u00f6tehtaan, Noblessnerin kaupunginosan ja Kalamajan puiston keksint\u00f6jen maailmassa?<\/span><\/p>\n<\/blockquote>\n<p><span style=\"color: #000000;\"><strong>T\u00e4m\u00e4n kes\u00e4leirin p\u00e4\u00e4teema on PELI<\/strong> . Tiesitk\u00f6, ett\u00e4 leikki ja keksint\u00f6 ovat hyvin l\u00e4heisi\u00e4 yst\u00e4vi\u00e4? Voit sanoa, ett\u00e4 et voi olla toista ilman toista&#8230;<\/span><\/p>\n<p><span style=\"color: #000000;\"><strong>Mik\u00e4 meit\u00e4 odottaa?<\/strong><\/span><br><span style=\"color: #000000;\">\u2013 Kokeilemme erilaisia \u200b\u200bkeksint\u00f6pelej\u00e4.<\/span><br><span style=\"color: #000000;\">\u2013 Osallistumme erilaisiin peli- ja keksint\u00f6mestaruuskursseihin.<\/span><br><span style=\"color: #000000;\">\u2013 Viet\u00e4mme aikaa ulkona pelaten l\u00f6yt\u00f6- ja urheilupelej\u00e4.<\/span><br><span style=\"color: #000000;\">\u2013 J\u00e4rjest\u00e4mme hauskan keksint\u00f6kilpailun, jossa hy\u00f6dynnet\u00e4\u00e4n leirill\u00e4 opittuja tietoja ja taitoja.<\/span><\/p>\n<\/div>\n<\/div>\n<\/div>[\/et_pb_text][\/et_pb_column][\/et_pb_row][et_pb_row column_structure=&#8221;1_2,1_2&#8243; use_custom_gutter=&#8221;on&#8221; gutter_width=&#8221;1&#8243; make_equal=&#8221;on&#8221; _builder_version=&#8221;4.24.2&#8243; _module_preset=&#8221;default&#8221; background_color=&#8221;#FFFFFF&#8221; custom_margin=&#8221;25px||25px||false|false&#8221; custom_padding=&#8221;0px||0px||false|false&#8221; border_radii=&#8221;on|20px|20px|20px|20px&#8221; global_colors_info=&#8221;{}&#8221;][et_pb_column type=&#8221;1_2&#8243; _builder_version=&#8221;4.24.2&#8243; _module_preset=&#8221;default&#8221; global_colors_info=&#8221;{}&#8221;][et_pb_image src=&#8221;https:\/\/www.prototehas.ee\/wp-content\/uploads\/2024\/05\/2.png&#8221; title_text=&#8221;2&#8243; _builder_version=&#8221;4.24.2&#8243; _module_preset=&#8221;default&#8221; global_colors_info=&#8221;{}&#8221;][\/et_pb_image][\/et_pb_column][et_pb_column type=&#8221;1_2&#8243; _builder_version=&#8221;4.24.2&#8243; _module_preset=&#8221;default&#8221; global_colors_info=&#8221;{}&#8221;][et_pb_heading title=&#8221;TIEDOT&#8221; _builder_version=&#8221;4.24.2&#8243; _module_preset=&#8221;default&#8221; title_text_align=&#8221;center&#8221; custom_margin=&#8221;23px||||false|false&#8221; global_colors_info=&#8221;{}&#8221;][\/et_pb_heading][et_pb_text _builder_version=&#8221;4.24.2&#8243; _module_preset=&#8221;default&#8221; custom_margin=&#8221;20px||19px|10px|false|false&#8221; global_colors_info=&#8221;{}&#8221;]<p><span style=\"color: #000000;\"><strong>Aika:<\/strong> 10.00-16.00<\/span><br><span style=\"color: #000000;\"><strong>Osallistujat:<\/strong> 7.-10. vuotiaat lapset<\/span><br><span style=\"color: #000000;\"><strong>Leirin hinta: 120 \u20ac<\/strong><br>*Hinta sis\u00e4lt\u00e4\u00e4 PROTO-passin, materiaalit kaikkiin ty\u00f6pajoihin, l\u00e4mpim\u00e4n lounaan ja illallisen.<\/span><\/p>[\/et_pb_text][\/et_pb_column][\/et_pb_row][et_pb_row _builder_version=&#8221;4.24.2&#8243; _module_preset=&#8221;default&#8221; custom_padding=&#8221;0px||||false|false&#8221; global_colors_info=&#8221;{}&#8221;][et_pb_column type=&#8221;4_4&#8243; _builder_version=&#8221;4.24.2&#8243; _module_preset=&#8221;default&#8221; global_colors_info=&#8221;{}&#8221;][et_pb_text _builder_version=&#8221;4.24.2&#8243; _module_preset=&#8221;default&#8221; text_text_color=&#8221;#000000&#8243; custom_margin=&#8221;||-12px|10px|false|false&#8221; global_colors_info=&#8221;{}&#8221;]<div class=\"et_pb_module et_pb_text et_pb_text_3 regular-text-header et_pb_text_align_left et_pb_bg_layout_light\">\n<div class=\"et_pb_text_inner\">\n<h2><span style=\"color: #000000;\">OHJELMA<\/span><\/h2>\n<\/div>\n<\/div>[\/et_pb_text][et_pb_text _builder_version=&#8221;4.24.2&#8243; _module_preset=&#8221;default&#8221; text_text_color=&#8221;#000000&#8243; custom_margin=&#8221;|||10px|false|false&#8221; custom_padding=&#8221;|||0px||&#8221; global_colors_info=&#8221;{}&#8221;]<div class=\"et_pb_module et_pb_text et_pb_text_3 regular-text-header et_pb_text_align_left et_pb_bg_layout_light\">\n<div class=\"et_pb_text_inner\"><\/div>\n<\/div>\n<div class=\"et_pb_module et_pb_text et_pb_text_4 regular-text et_pb_text_align_left et_pb_bg_layout_light\">\n<div class=\"et_pb_text_inner\">\n<p><span style=\"color: #000000;\">T\u00e4m\u00e4n kes\u00e4leirin p\u00e4\u00e4teema on <strong>PELI<\/strong> ja leikin kautta oppiminen!<\/span><\/p>\n<p><span style=\"color: #000000;\">Kuten aikaisemmillakin leireill\u00e4, my\u00f6s t\u00e4ll\u00e4 kertaa teemme yhteisty\u00f6t\u00e4 mahtavien kumppaneiden kanssa, joiden kanssa tehd\u00e4\u00e4n kes\u00e4p\u00e4ivist\u00e4 entist\u00e4 hauskempia. J\u00e4rjest\u00e4mme yhteisty\u00f6ss\u00e4 kokeneen nerfiohjaajan Antonin kanssa <strong>pelej\u00e4<\/strong> <strong>lasernerfien kanssa<\/strong> , joissa j\u00e4nnitt\u00e4v\u00e4t haasteet ja teht\u00e4v\u00e4t testaavat sek\u00e4 \u00e4lykkyytt\u00e4 ett\u00e4 tiimity\u00f6t\u00e4.  <\/span><\/p>\n<p><span style=\"color: #000000;\"><i>Er\u00e4\u00e4n\u00e4 aamuna, kun kaikki keksinn\u00f6t viel\u00e4 nukkuvat, PROTO-n\u00e4yttelyhalli muuttuu lasers\u00e4dehuoneeksi ja laserpeli tapahtuu. Jokainen ryhm\u00e4 saa oman j\u00e4nnitt\u00e4v\u00e4n haasteensa, jonka aikana t\u00e4ytyy soveltaa \u00e4lykkyytt\u00e4 ja tiimity\u00f6t\u00e4.<\/i> <\/span><\/p>\n<p><span style=\"color: #000000;\">Leiri on my\u00f6s t\u00e4ynn\u00e4 virtuaalitodellisuuspelej\u00e4. Ensimm\u00e4ist\u00e4 kertaa testaamme leiril\u00e4isten kanssa, kuinka <strong>GOLDBERG-kone rakennetaan virtuaalitodellisuudessa<\/strong> . Tietysti voit my\u00f6s pelata n\u00e4yttelyss\u00e4mme erityisesti PROTOlle luotuja keksint\u00f6pelej\u00e4. Sukellusveneiden mets\u00e4st\u00e4misess\u00e4 uskaltamme Noblessnerin salaper\u00e4isiin syvennyksiin ja etsimme sukellusveneiden prototyyppej\u00e4.  <\/span><\/p>\n<p><span style=\"color: #000000;\">Tosiel\u00e4m\u00e4n keksint\u00f6pelej\u00e4 on oikeastaan \u200b\u200bkaikkialla ymp\u00e4rill\u00e4mme. Siksi viemme kes\u00e4leiril\u00e4isi\u00e4 my\u00f6s <strong>muille tehtaille<\/strong> .  <\/span><\/p>\n<p><span style=\"color: #000000;\">Jotkin vuorot tulevat <strong>kirjapainoon<\/strong> , jossa voimme n\u00e4hd\u00e4 painomaailman kulissien taakse ja seurata kuinka painokoneet tekev\u00e4t ideoista totta. Muut leirin osanottajat suuntaavat <strong>lipputehtaalle<\/strong> , jossa p\u00e4\u00e4set n\u00e4kem\u00e4\u00e4n lippujen valmistuksen ja my\u00f6s lipunvalmistuksen. Mutta mit\u00e4 salaisen laatikon ty\u00f6pajassa tapahtuu&#8230; t\u00e4m\u00e4 mysteeri voidaan ratkaista jo leirill\u00e4&#8230;<\/span><\/p>\n<p><span style=\"color: #000000;\">Odotamme sinua!<\/span><\/p>\n<\/div>\n<\/div>[\/et_pb_text][et_pb_text _builder_version=&#8221;4.24.2&#8243; _module_preset=&#8221;default&#8221; text_text_color=&#8221;#000000&#8243; custom_margin=&#8221;|||10px|false|false&#8221; global_colors_info=&#8221;{}&#8221;]<div class=\"et_pb_module et_pb_text et_pb_text_3 regular-text-header et_pb_text_align_left et_pb_bg_layout_light\">\n<div class=\"et_pb_text_inner\">\n<h2><span style=\"color: #000000;\">KES\u00c4LEIRI AIKATAULU<\/span><\/h2>\n<\/div>\n<\/div>[\/et_pb_text][et_pb_text _builder_version=&#8221;4.24.2&#8243; _module_preset=&#8221;default&#8221; text_text_color=&#8221;#000000&#8243; custom_margin=&#8221;|||10px|false|false&#8221; custom_padding=&#8221;|||0px||&#8221; global_colors_info=&#8221;{}&#8221;]<div class=\"et_pb_module et_pb_text et_pb_text_3 regular-text-header et_pb_text_align_left et_pb_bg_layout_light\">\n<div class=\"et_pb_text_inner\"><\/div>\n<\/div>\n<div class=\"et_pb_module et_pb_text et_pb_text_4 regular-text et_pb_text_align_left et_pb_bg_layout_light\">\n<div class=\"et_pb_text_inner\">\n<p><span style=\"color: #000000;\"><b>P\u00c4IV\u00c4 1  <\/b><\/span><\/p>\n<p><span style=\"color: #000000;\">10:00-11:45 Tutustumme PROTOon &#8211; &#8221;Mik\u00e4 on peli?&#8221;<\/span><\/p>\n<p><span style=\"color: #000000;\">11:45-13:00 Lounas ja vapaa-aika<\/span><\/p>\n<p><span style=\"color: #000000;\">13:00-14:00 Sukellusvenemets\u00e4stys<\/span><\/p>\n<p><span style=\"color: #000000;\">14:00-14:30 Odotus ja vapaa-aika<\/span><\/p>\n<p><span style=\"color: #000000;\">14:30-16:00 Keksint\u00f6jen ABC &#8211; osa I<\/span><\/p>\n<p><span style=\"color: #000000;\"> <\/span><\/p>\n<p><span style=\"color: #000000;\"><b>P\u00c4IV\u00c4 2<\/b><\/span><\/p>\n<p><span style=\"color: #000000;\">10:00-13:00 L\u00e4ht\u00f6 ja lounas<\/span><\/p>\n<p><span style=\"color: #000000;\">13:00-14:00 Virtuaalitodellisuus Goldberg-kone<\/span><\/p>\n<p><span style=\"color: #000000;\">14:00-14:30 Odotus ja vapaa-aika<\/span><\/p>\n<p><span style=\"color: #000000;\">14:30-16:00 Luo oma peli: &#8221;Arvaa kuka?&#8221;<\/span><\/p>\n<p><span style=\"color: #000000;\"> <\/span><\/p>\n<p><span style=\"color: #000000;\"><b>P\u00c4IV\u00c4 3<\/b><\/span><\/p>\n<p><span style=\"color: #000000;\">10:00-11:00 PROTO-n\u00e4yttely laserpeli<\/span><\/p>\n<p><span style=\"color: #000000;\">11:00-11:45 Salainen laatikko<\/span><\/p>\n<p><span style=\"color: #000000;\">11:45-13:00 Lounas ja vapaa-aika<\/span><\/p>\n<p><span style=\"color: #000000;\">13.00-14.00 Kalamajan puistopelit<\/span><\/p>\n<p><span style=\"color: #000000;\">14:00-14:30 Odotus ja vapaa-aika<\/span><\/p>\n<p><span style=\"color: #000000;\">14:30-15:30 Keksint\u00f6 ABC -kilpailut &#8211; osa II<\/span><\/p>\n<p><span style=\"color: #000000;\">15:30-16:00 Leirin p\u00e4\u00e4ttyminen ja diplomien jako<\/p>\n<p><\/span><\/p>\n<p><span style=\"color: #000000;\"> <\/span><span style=\"color: #000000;\">* Aktiviteetit ja ajat voivat muuttua p\u00e4iv\u00e4st\u00e4 toiseen.<\/span><\/p>\n<\/div>\n<\/div>[\/et_pb_text][et_pb_text _builder_version=&#8221;4.24.2&#8243; _module_preset=&#8221;default&#8221; text_text_color=&#8221;#000000&#8243; custom_margin=&#8221;|||10px|false|false&#8221; global_colors_info=&#8221;{}&#8221;]<div class=\"et_pb_module et_pb_text et_pb_text_3 regular-text-header et_pb_text_align_left et_pb_bg_layout_light\">\n<div class=\"et_pb_text_inner\">\n<h2><span style=\"color: #000000;\">REKISTER\u00d6INTI<\/span><\/h2>\n<\/div>\n<\/div>[\/et_pb_text][et_pb_text _builder_version=&#8221;4.24.2&#8243; _module_preset=&#8221;default&#8221; text_text_color=&#8221;#000000&#8243; custom_margin=&#8221;|||10px|false|false&#8221; global_colors_info=&#8221;{}&#8221;]<div class=\"et_pb_module et_pb_text et_pb_text_4 regular-text  et_pb_text_align_left et_pb_bg_layout_light\">\n<div class=\"et_pb_text_inner\">\n<p style=\"text-align: left;\"><span style=\"color: #000000;\"><strong>I vahetus<\/strong><br \/>01.07-03.07<br \/><span style=\"color: #993300;\"><b>V\u00c4LJA M\u00dc\u00dcDUD<\/b><\/span><\/span><span style=\"color: #000000;\"><br \/><\/span><\/p>\n<p style=\"text-align: left;\"><span style=\"color: #000000;\"><b><strong>K\u00fclastame Digitr\u00fckk tr\u00fckikoda<\/strong><\/b><\/span><\/p>\n<p style=\"text-align: left;\"><span style=\"color: #000000;\"><strong>II vahetus<\/strong><br \/>02.07-04.07<br \/><span style=\"color: #993300;\"><b>V\u00c4LJA M\u00dc\u00dcDUD<\/b><\/span><\/span><\/p>\n<p style=\"text-align: left;\"><span style=\"color: #000000;\"><b>K\u00fclastus Lipuvabrikusse<\/b><\/span><\/p>\n<p style=\"text-align: left;\"><span style=\"color: #000000;\"><strong>III vahetus<\/strong><br \/>08.07-10.07<br \/><b><span style=\"color: #993300;\">V\u00c4LJA M\u00dc\u00dcDUD<\/span><\/b><\/span><\/p>\n<p style=\"text-align: left;\"><span style=\"color: #000000;\"><b>K\u00fclastus Lipuvabrikusse<\/b><\/span><\/p>\n<p style=\"text-align: left;\"><span style=\"color: #000000;\"><strong>V vahetus<\/strong><br \/>22.07-24.07<br \/><b><span style=\"color: #993300;\">V\u00c4LJA M\u00dc\u00dcDUD<\/span><\/b><br \/><\/span><\/p>\n<p style=\"text-align: left;\"><span style=\"color: #000000;\"><b><strong>K\u00fclastame Joon tr\u00fckikoda<\/strong><\/b><\/span><span style=\"color: #000000;\"><b><strong><\/strong><\/b><\/span><\/p>\n<p style=\"text-align: left;\"><span style=\"color: #000000;\"><strong>VII vahetus<\/strong><br \/>29.07-31.07<br \/><b><span style=\"color: #993300;\">V\u00c4LJA M\u00dc\u00dcDUD<\/span><\/b><br \/><\/span><\/p>\n<p style=\"text-align: left;\"><span style=\"color: #000000;\"><b><strong>K\u00fclastus Lipuvabrikusse<\/strong><\/b><\/span><\/p>\n<p style=\"text-align: left;\"><span style=\"color: #000000;\"><strong>IX vahetus<\/strong><br \/>06.08-08.08<br \/><b>\ud83d\udc49 Soeta osalus <span style=\"color: #333399;\"><a href=\"https:\/\/fienta.com\/et\/leiutajate-suvemangud-85175\" style=\"color: #333399;\">SIIN\u00a0<strong><\/strong><strong>&gt;&gt;&gt;<\/strong><\/a><\/span><\/b><br \/><\/span><\/p>\n<p style=\"text-align: left;\"><span style=\"color: #000000;\"><b><strong>K\u00fclastame Digitr\u00fckk tr\u00fckikoda<\/strong><\/b><\/span><\/p>\n<p style=\"text-align: left;\"><span style=\"color: #000000;\"><strong>X vahetus<\/strong><br \/>06.08-08.08<br \/><b>\ud83d\udc49 Soeta osalus <span style=\"color: #333399;\"><a href=\"https:\/\/fienta.com\/et\/leiutajate-suvemangud-85176\" style=\"color: #333399;\">SIIN\u00a0<strong><\/strong><strong>&gt;&gt;&gt;<\/strong><\/a><\/span><\/b><br \/><\/span><\/p>\n<p style=\"text-align: left;\"><span style=\"color: #000000;\"><b><strong>K\u00fclastame Estonia Klaverivabrikut<\/strong><\/b><\/span><\/p>\n<p style=\"text-align: left;\"><span style=\"color: #000000;\"><strong>XI vahetus<\/strong><br \/>13.08-15.08<br \/><b>\ud83d\udc49 Soeta osalus <span style=\"color: #333399;\"><a href=\"https:\/\/fienta.com\/et\/leiutajate-suvemangud-85177#title\" style=\"color: #333399;\">SIIN\u00a0<strong><\/strong><strong>&gt;&gt;&gt;<\/strong><\/a><\/span><\/b><br \/><\/span><\/p>\n<p style=\"text-align: left;\"><span style=\"color: #000000;\"><b><strong>K\u00fclastus Lipuvabrikusse<\/strong><\/b><\/span><\/p>\n<p style=\"text-align: left;\"><span style=\"color: #000000;\"><strong>XII vahetus<\/strong><br \/>14.08-16.08<br \/><b>\ud83d\udc49 Soeta osalus <span style=\"color: #333399;\"><a href=\"https:\/\/fienta.com\/et\/leiutajate-suvemangud-85178#title\" style=\"color: #333399;\">SIIN\u00a0<strong><\/strong><strong>&gt;&gt;&gt;<\/strong><\/a><\/span><\/b><\/span><\/p>\n<p style=\"text-align: left;\"><span style=\"color: #000000;\"><b><strong>K\u00fclastame Digitr\u00fckk tr\u00fckikoda<\/strong><\/b><\/span><\/p>\n<p style=\"text-align: left;\"><span style=\"color: #000000;\"><b><\/b><\/span><\/p>\n<p style=\"text-align: left;\"><span style=\"color: #000000;\"><b><strong>NB!<\/strong>\u00a0REGISTREERIDES oma lapse PROTO laagrisse kinnitab lapsevanem, et on eelnevalt tutvunud laagri\u00a0<a href=\"https:\/\/prototehas.ee\/wp-content\/uploads\/2023\/08\/Laagri-kodukord.pdf?\" style=\"color: #000000;\"><strong>kodukorraga<\/strong><\/a> ja on sellega n\u00f5us!<\/b><\/span><\/p>\n<p style=\"text-align: left;\"><span style=\"font-size: 32px; font-family: 'Amsi Pro Cond Bold', Helvetica, Arial, Lucida, sans-serif; text-transform: uppercase;\"><\/span><\/p>\n<p style=\"text-align: left;\"><span style=\"font-size: 32px; font-family: 'Amsi Pro Cond Bold', Helvetica, Arial, Lucida, sans-serif; text-transform: uppercase;\"><\/span><\/p>\n<p style=\"text-align: left;\"><span style=\"font-size: 32px; font-family: 'Amsi Pro Cond Bold', Helvetica, Arial, Lucida, sans-serif; text-transform: uppercase;\">KONTAKT<\/span><\/p>\n<p style=\"text-align: left;\"><strong style=\"font-size: 16px;\">K\u00fcsi lisa:\u00a0<span style=\"color: #6400ff;\"><a href=\"mailto:anett@protofactory.ee\" style=\"color: #6400ff;\">anett@protofactory.ee\u00a0<\/a><\/span><\/strong><\/p>\n<\/div>\n<\/div>[\/et_pb_text][\/et_pb_column][\/et_pb_row][et_pb_row use_custom_gutter=&#8221;on&#8221; gutter_width=&#8221;1&#8243; admin_label=&#8221;Viron makuja&#8221; _builder_version=&#8221;4.24.2&#8243; _module_preset=&#8221;default&#8221; width=&#8221;100%&#8221; locked=&#8221;off&#8221; global_colors_info=&#8221;{}&#8221;][et_pb_column type=&#8221;4_4&#8243; _builder_version=&#8221;4.16&#8243; _module_preset=&#8221;default&#8221; global_colors_info=&#8221;{}&#8221;][et_pb_text _builder_version=&#8221;4.24.2&#8243; _module_preset=&#8221;default&#8221; global_colors_info=&#8221;{}&#8221;]<h2 style=\"text-align: center;\"><strong>KUVAGALLERIA<\/strong><\/h2>\r[\/et_pb_text][et_pb_gallery gallery_ids=&#8221;27552,27558,27568,27563,27573,27531&#8243; posts_number=&#8221;6&#8243; show_title_and_caption=&#8221;off&#8221; show_pagination=&#8221;off&#8221; zoom_icon_color=&#8221;#6400FF&#8221; hover_overlay_color=&#8221;rgba(255,255,255,0.52)&#8221; hover_icon=&#8221;&#x2d;||divi||400&#8243; module_class=&#8221;col-width&#8221; _builder_version=&#8221;4.24.2&#8243; _module_preset=&#8221;default&#8221; custom_margin=&#8221;||||false|false&#8221; custom_margin_tablet=&#8221;||||false|false&#8221; custom_margin_phone=&#8221;||||false|false&#8221; custom_margin_last_edited=&#8221;on|tablet&#8221; custom_padding=&#8221;|10px||10px|false|false&#8221; border_width_all=&#8221;14px&#8221; border_color_all=&#8221;RGBA(255,255,255,0)&#8221; border_width_all_tablet=&#8221;14px&#8221; border_width_all_phone=&#8221;6px&#8221; border_width_all_last_edited=&#8221;on|phone&#8221; border_radii_image=&#8221;on|12px|12px|12px|12px&#8221; global_colors_info=&#8221;{}&#8221;][\/et_pb_gallery][\/et_pb_column][\/et_pb_row][\/et_pb_section]<span class=\"et_bloom_bottom_trigger\"><\/span>","protected":false},"featured_media":37020,"template":"","meta":{"_acf_changed":false,"_et_pb_use_builder":"on","_et_pb_old_content":"","_et_gb_content_width":"","inline_featured_image":false},"class_list":["post-30812","event","type-event","status-publish","has-post-thumbnail","hentry"],"acf":[],"yoast_head":"<!-- This site is optimized with the Yoast SEO plugin v26.9 - https:\/\/yoast.com\/product\/yoast-seo-wordpress\/ -->\n<title>LASTEN KES\u00c4LEIRI - PROTO avastustehas<\/title>\n<meta name=\"description\" content=\"Kutsu lapsesi l\u00f6yt\u00e4m\u00e4\u00e4n ja keksim\u00e4\u00e4n PROTO-l\u00f6yt\u00f6tehtaan! Kolme kes\u00e4p\u00e4iv\u00e4\u00e4 t\u00e4ynn\u00e4 pelej\u00e4, askartelua ja uusia l\u00f6yt\u00f6j\u00e4 Noblessneriss\u00e4 ja Kalamajan puistossa.\" \/>\n<meta name=\"robots\" content=\"index, follow, max-snippet:-1, max-image-preview:large, max-video-preview:-1\" \/>\n<link rel=\"canonical\" href=\"https:\/\/www.prototehas.ee\/fi\/event\/lasten-kesaleiri\/\" \/>\n<meta property=\"og:locale\" content=\"fi_FI\" \/>\n<meta property=\"og:type\" content=\"article\" \/>\n<meta property=\"og:title\" content=\"LASTEN KES\u00c4LEIRI - PROTO avastustehas\" \/>\n<meta property=\"og:description\" content=\"Kutsu lapsesi l\u00f6yt\u00e4m\u00e4\u00e4n ja keksim\u00e4\u00e4n PROTO-l\u00f6yt\u00f6tehtaan! Kolme kes\u00e4p\u00e4iv\u00e4\u00e4 t\u00e4ynn\u00e4 pelej\u00e4, askartelua ja uusia l\u00f6yt\u00f6j\u00e4 Noblessneriss\u00e4 ja Kalamajan puistossa.\" \/>\n<meta property=\"og:url\" content=\"https:\/\/www.prototehas.ee\/fi\/event\/lasten-kesaleiri\/\" \/>\n<meta property=\"og:site_name\" content=\"PROTO avastustehas\" \/>\n<meta property=\"article:publisher\" content=\"https:\/\/www.facebook.com\/prototehas\/\" \/>\n<meta property=\"article:modified_time\" content=\"2026-04-21T12:08:43+00:00\" \/>\n<meta property=\"og:image\" content=\"https:\/\/www.prototehas.ee\/wp-content\/uploads\/2024\/05\/2-1024x576.png\" \/>\n\t<meta property=\"og:image:width\" content=\"1024\" \/>\n\t<meta property=\"og:image:height\" content=\"576\" \/>\n\t<meta property=\"og:image:type\" content=\"image\/png\" \/>\n<meta name=\"twitter:card\" content=\"summary_large_image\" \/>\n<meta name=\"twitter:label1\" content=\"Arvioitu lukuaika\" \/>\n\t<meta name=\"twitter:data1\" content=\"4 minuuttia\" \/>\n<script type=\"application\/ld+json\" class=\"yoast-schema-graph\">{\"@context\":\"https:\/\/schema.org\",\"@graph\":[{\"@type\":\"WebPage\",\"@id\":\"https:\/\/www.prototehas.ee\/fi\/event\/lasten-kesaleiri\/\",\"url\":\"https:\/\/www.prototehas.ee\/fi\/event\/lasten-kesaleiri\/\",\"name\":\"LASTEN KES\u00c4LEIRI - PROTO avastustehas\",\"isPartOf\":{\"@id\":\"https:\/\/www.prototehas.ee\/fi\/#website\"},\"primaryImageOfPage\":{\"@id\":\"https:\/\/www.prototehas.ee\/fi\/event\/lasten-kesaleiri\/#primaryimage\"},\"image\":{\"@id\":\"https:\/\/www.prototehas.ee\/fi\/event\/lasten-kesaleiri\/#primaryimage\"},\"thumbnailUrl\":\"https:\/\/www.prototehas.ee\/wp-content\/uploads\/2024\/06\/PROTO_suvelaager.png?wsr\",\"datePublished\":\"2024-06-11T08:45:51+00:00\",\"dateModified\":\"2026-04-21T12:08:43+00:00\",\"description\":\"Kutsu lapsesi l\u00f6yt\u00e4m\u00e4\u00e4n ja keksim\u00e4\u00e4n PROTO-l\u00f6yt\u00f6tehtaan! Kolme kes\u00e4p\u00e4iv\u00e4\u00e4 t\u00e4ynn\u00e4 pelej\u00e4, askartelua ja uusia l\u00f6yt\u00f6j\u00e4 Noblessneriss\u00e4 ja Kalamajan puistossa.\",\"breadcrumb\":{\"@id\":\"https:\/\/www.prototehas.ee\/fi\/event\/lasten-kesaleiri\/#breadcrumb\"},\"inLanguage\":\"fi\",\"potentialAction\":[{\"@type\":\"ReadAction\",\"target\":[\"https:\/\/www.prototehas.ee\/fi\/event\/lasten-kesaleiri\/\"]}]},{\"@type\":\"ImageObject\",\"inLanguage\":\"fi\",\"@id\":\"https:\/\/www.prototehas.ee\/fi\/event\/lasten-kesaleiri\/#primaryimage\",\"url\":\"https:\/\/www.prototehas.ee\/wp-content\/uploads\/2024\/06\/PROTO_suvelaager.png?wsr\",\"contentUrl\":\"https:\/\/www.prototehas.ee\/wp-content\/uploads\/2024\/06\/PROTO_suvelaager.png?wsr\",\"width\":1200,\"height\":800},{\"@type\":\"BreadcrumbList\",\"@id\":\"https:\/\/www.prototehas.ee\/fi\/event\/lasten-kesaleiri\/#breadcrumb\",\"itemListElement\":[{\"@type\":\"ListItem\",\"position\":1,\"name\":\"Avaleht\",\"item\":\"https:\/\/www.prototehas.ee\/fi\/\"},{\"@type\":\"ListItem\",\"position\":2,\"name\":\"LASTEN KES\u00c4LEIRI\"}]},{\"@type\":\"WebSite\",\"@id\":\"https:\/\/www.prototehas.ee\/fi\/#website\",\"url\":\"https:\/\/www.prototehas.ee\/fi\/\",\"name\":\"PROTO avastustehas\",\"description\":\"Where science meets fantasy\",\"publisher\":{\"@id\":\"https:\/\/www.prototehas.ee\/fi\/#organization\"},\"potentialAction\":[{\"@type\":\"SearchAction\",\"target\":{\"@type\":\"EntryPoint\",\"urlTemplate\":\"https:\/\/www.prototehas.ee\/fi\/?s={search_term_string}\"},\"query-input\":{\"@type\":\"PropertyValueSpecification\",\"valueRequired\":true,\"valueName\":\"search_term_string\"}}],\"inLanguage\":\"fi\"},{\"@type\":\"Organization\",\"@id\":\"https:\/\/www.prototehas.ee\/fi\/#organization\",\"name\":\"PROTO avastustehas\",\"url\":\"https:\/\/www.prototehas.ee\/fi\/\",\"logo\":{\"@type\":\"ImageObject\",\"inLanguage\":\"fi\",\"@id\":\"https:\/\/www.prototehas.ee\/fi\/#\/schema\/logo\/image\/\",\"url\":\"https:\/\/www.prototehas.ee\/wp-content\/uploads\/2019\/10\/prototehas_logo_et_2.svg\",\"contentUrl\":\"https:\/\/www.prototehas.ee\/wp-content\/uploads\/2019\/10\/prototehas_logo_et_2.svg\",\"width\":100,\"height\":100,\"caption\":\"PROTO avastustehas\"},\"image\":{\"@id\":\"https:\/\/www.prototehas.ee\/fi\/#\/schema\/logo\/image\/\"},\"sameAs\":[\"https:\/\/www.facebook.com\/prototehas\/\"]}]}<\/script>\n<!-- \/ Yoast SEO plugin. -->","yoast_head_json":{"title":"LASTEN KES\u00c4LEIRI - PROTO avastustehas","description":"Kutsu lapsesi l\u00f6yt\u00e4m\u00e4\u00e4n ja keksim\u00e4\u00e4n PROTO-l\u00f6yt\u00f6tehtaan! Kolme kes\u00e4p\u00e4iv\u00e4\u00e4 t\u00e4ynn\u00e4 pelej\u00e4, askartelua ja uusia l\u00f6yt\u00f6j\u00e4 Noblessneriss\u00e4 ja Kalamajan puistossa.","robots":{"index":"index","follow":"follow","max-snippet":"max-snippet:-1","max-image-preview":"max-image-preview:large","max-video-preview":"max-video-preview:-1"},"canonical":"https:\/\/www.prototehas.ee\/fi\/event\/lasten-kesaleiri\/","og_locale":"fi_FI","og_type":"article","og_title":"LASTEN KES\u00c4LEIRI - PROTO avastustehas","og_description":"Kutsu lapsesi l\u00f6yt\u00e4m\u00e4\u00e4n ja keksim\u00e4\u00e4n PROTO-l\u00f6yt\u00f6tehtaan! Kolme kes\u00e4p\u00e4iv\u00e4\u00e4 t\u00e4ynn\u00e4 pelej\u00e4, askartelua ja uusia l\u00f6yt\u00f6j\u00e4 Noblessneriss\u00e4 ja Kalamajan puistossa.","og_url":"https:\/\/www.prototehas.ee\/fi\/event\/lasten-kesaleiri\/","og_site_name":"PROTO avastustehas","article_publisher":"https:\/\/www.facebook.com\/prototehas\/","article_modified_time":"2026-04-21T12:08:43+00:00","og_image":[{"width":1024,"height":576,"url":"https:\/\/www.prototehas.ee\/wp-content\/uploads\/2024\/05\/2-1024x576.png","type":"image\/png"}],"twitter_card":"summary_large_image","twitter_misc":{"Arvioitu lukuaika":"4 minuuttia"},"schema":{"@context":"https:\/\/schema.org","@graph":[{"@type":"WebPage","@id":"https:\/\/www.prototehas.ee\/fi\/event\/lasten-kesaleiri\/","url":"https:\/\/www.prototehas.ee\/fi\/event\/lasten-kesaleiri\/","name":"LASTEN KES\u00c4LEIRI - PROTO avastustehas","isPartOf":{"@id":"https:\/\/www.prototehas.ee\/fi\/#website"},"primaryImageOfPage":{"@id":"https:\/\/www.prototehas.ee\/fi\/event\/lasten-kesaleiri\/#primaryimage"},"image":{"@id":"https:\/\/www.prototehas.ee\/fi\/event\/lasten-kesaleiri\/#primaryimage"},"thumbnailUrl":"https:\/\/www.prototehas.ee\/wp-content\/uploads\/2024\/06\/PROTO_suvelaager.png?wsr","datePublished":"2024-06-11T08:45:51+00:00","dateModified":"2026-04-21T12:08:43+00:00","description":"Kutsu lapsesi l\u00f6yt\u00e4m\u00e4\u00e4n ja keksim\u00e4\u00e4n PROTO-l\u00f6yt\u00f6tehtaan! Kolme kes\u00e4p\u00e4iv\u00e4\u00e4 t\u00e4ynn\u00e4 pelej\u00e4, askartelua ja uusia l\u00f6yt\u00f6j\u00e4 Noblessneriss\u00e4 ja Kalamajan puistossa.","breadcrumb":{"@id":"https:\/\/www.prototehas.ee\/fi\/event\/lasten-kesaleiri\/#breadcrumb"},"inLanguage":"fi","potentialAction":[{"@type":"ReadAction","target":["https:\/\/www.prototehas.ee\/fi\/event\/lasten-kesaleiri\/"]}]},{"@type":"ImageObject","inLanguage":"fi","@id":"https:\/\/www.prototehas.ee\/fi\/event\/lasten-kesaleiri\/#primaryimage","url":"https:\/\/www.prototehas.ee\/wp-content\/uploads\/2024\/06\/PROTO_suvelaager.png?wsr","contentUrl":"https:\/\/www.prototehas.ee\/wp-content\/uploads\/2024\/06\/PROTO_suvelaager.png?wsr","width":1200,"height":800},{"@type":"BreadcrumbList","@id":"https:\/\/www.prototehas.ee\/fi\/event\/lasten-kesaleiri\/#breadcrumb","itemListElement":[{"@type":"ListItem","position":1,"name":"Avaleht","item":"https:\/\/www.prototehas.ee\/fi\/"},{"@type":"ListItem","position":2,"name":"LASTEN KES\u00c4LEIRI"}]},{"@type":"WebSite","@id":"https:\/\/www.prototehas.ee\/fi\/#website","url":"https:\/\/www.prototehas.ee\/fi\/","name":"PROTO avastustehas","description":"Where science meets fantasy","publisher":{"@id":"https:\/\/www.prototehas.ee\/fi\/#organization"},"potentialAction":[{"@type":"SearchAction","target":{"@type":"EntryPoint","urlTemplate":"https:\/\/www.prototehas.ee\/fi\/?s={search_term_string}"},"query-input":{"@type":"PropertyValueSpecification","valueRequired":true,"valueName":"search_term_string"}}],"inLanguage":"fi"},{"@type":"Organization","@id":"https:\/\/www.prototehas.ee\/fi\/#organization","name":"PROTO avastustehas","url":"https:\/\/www.prototehas.ee\/fi\/","logo":{"@type":"ImageObject","inLanguage":"fi","@id":"https:\/\/www.prototehas.ee\/fi\/#\/schema\/logo\/image\/","url":"https:\/\/www.prototehas.ee\/wp-content\/uploads\/2019\/10\/prototehas_logo_et_2.svg","contentUrl":"https:\/\/www.prototehas.ee\/wp-content\/uploads\/2019\/10\/prototehas_logo_et_2.svg","width":100,"height":100,"caption":"PROTO avastustehas"},"image":{"@id":"https:\/\/www.prototehas.ee\/fi\/#\/schema\/logo\/image\/"},"sameAs":["https:\/\/www.facebook.com\/prototehas\/"]}]}},"_links":{"self":[{"href":"https:\/\/www.prototehas.ee\/fi\/wp-json\/wp\/v2\/event\/30812","targetHints":{"allow":["GET"]}}],"collection":[{"href":"https:\/\/www.prototehas.ee\/fi\/wp-json\/wp\/v2\/event"}],"about":[{"href":"https:\/\/www.prototehas.ee\/fi\/wp-json\/wp\/v2\/types\/event"}],"wp:featuredmedia":[{"embeddable":true,"href":"https:\/\/www.prototehas.ee\/fi\/wp-json\/wp\/v2\/media\/37020"}],"wp:attachment":[{"href":"https:\/\/www.prototehas.ee\/fi\/wp-json\/wp\/v2\/media?parent=30812"}],"curies":[{"name":"wp","href":"https:\/\/api.w.org\/{rel}","templated":true}]}}